{"version":"1.0","provider_name":"Preventraide - Conseils Pr\u00e9vention","provider_url":"https:\/\/www.preventraide.fr\/contenus","author_name":"Camille Jagueneau","author_url":"https:\/\/www.preventraide.fr\/contenus\/actualites\/author\/camille-jagueneau\/","title":"Le Printemps du Climat revient ! - Preventraide - Conseils Pr\u00e9vention","type":"rich","width":600,"height":338,"html":"<blockquote class=\"wp-embedded-content\" data-secret=\"sUhtl9IBHE\"><a href=\"https:\/\/www.preventraide.fr\/contenus\/actualites\/le-printemps-du-climat-revient\/\">Le Printemps du Climat revient !<\/a><\/blockquote><iframe sandbox=\"allow-scripts\" security=\"restricted\" src=\"https:\/\/www.preventraide.fr\/contenus\/actualites\/le-printemps-du-climat-revient\/embed\/#?secret=sUhtl9IBHE\" width=\"600\" height=\"338\" title=\"\u00ab\u00a0Le Printemps du Climat revient !\u00a0\u00bb &#8212; Preventraide - Conseils Pr\u00e9vention\" data-secret=\"sUhtl9IBHE\" frameborder=\"0\" marginwidth=\"0\" marginheight=\"0\" scrolling=\"no\" class=\"wp-embedded-content\"><\/iframe><script type=\"text\/javascript\">\n\/* <![CDATA[ *\/\n\/*! This file is auto-generated *\/\n!function(d,l){\"use strict\";l.querySelector&&d.addEventListener&&\"undefined\"!=typeof URL&&(d.wp=d.wp||{},d.wp.receiveEmbedMessage||(d.wp.receiveEmbedMessage=function(e){var t=e.data;if((t||t.secret||t.message||t.value)&&!\/[^a-zA-Z0-9]\/.test(t.secret)){for(var s,r,n,a=l.querySelectorAll('iframe[data-secret=\"'+t.secret+'\"]'),o=l.querySelectorAll('blockquote[data-secret=\"'+t.secret+'\"]'),c=new RegExp(\"^https?:$\",\"i\"),i=0;i<o.length;i++)o[i].style.display=\"none\";for(i=0;i<a.length;i++)s=a[i],e.source===s.contentWindow&&(s.removeAttribute(\"style\"),\"height\"===t.message?(1e3<(r=parseInt(t.value,10))?r=1e3:~~r<200&&(r=200),s.height=r):\"link\"===t.message&&(r=new URL(s.getAttribute(\"src\")),n=new URL(t.value),c.test(n.protocol))&&n.host===r.host&&l.activeElement===s&&(d.top.location.href=t.value))}},d.addEventListener(\"message\",d.wp.receiveEmbedMessage,!1),l.addEventListener(\"DOMContentLoaded\",function(){for(var e,t,s=l.querySelectorAll(\"iframe.wp-embedded-content\"),r=0;r<s.length;r++)(t=(e=s[r]).getAttribute(\"data-secret\"))||(t=Math.random().toString(36).substring(2,12),e.src+=\"#?secret=\"+t,e.setAttribute(\"data-secret\",t)),e.contentWindow.postMessage({message:\"ready\",secret:t},\"*\")},!1)))}(window,document);\n\/* ]]> *\/\n<\/script>\n","thumbnail_url":"https:\/\/www.preventraide.fr\/contenus\/app\/uploads\/2026\/03\/IMG_8014.jpg","thumbnail_width":1875,"thumbnail_height":2500,"description":"Le Printemps du Climat fait son retour partout en France pour sa troisi\u00e8me \u00e9dition.Le climat change, on le voit tous, et \u00e7a pose pas mal de questions. Alors autant se pr\u00e9parer et comprendre ce qui nous attend. La pr\u00e9vention, c\u2019est un peu notre meilleure carte pour prot\u00e9ger les gens et les territoires. Avec l\u2019Association Pr\u00e9vention [&hellip;]"}