{"version":"1.0","provider_name":"Preventraide - Conseils Pr\u00e9vention","provider_url":"https:\/\/www.preventraide.fr\/contenus","author_name":"Camille Jagueneau","author_url":"https:\/\/www.preventraide.fr\/contenus\/actualites\/author\/camille-jagueneau\/","title":"Printemps du Climat \u00e0 Grenoble \ud83c\udf3f - Preventraide - Conseils Pr\u00e9vention","type":"rich","width":600,"height":338,"html":"<blockquote class=\"wp-embedded-content\" data-secret=\"gBuhAJ3QcH\"><a href=\"https:\/\/www.preventraide.fr\/contenus\/actualites\/printemps-du-climat-a-grenoble-%f0%9f%8c%bf\/\">Printemps du Climat \u00e0 Grenoble \ud83c\udf3f<\/a><\/blockquote><iframe sandbox=\"allow-scripts\" security=\"restricted\" src=\"https:\/\/www.preventraide.fr\/contenus\/actualites\/printemps-du-climat-a-grenoble-%f0%9f%8c%bf\/embed\/#?secret=gBuhAJ3QcH\" width=\"600\" height=\"338\" title=\"\u00ab\u00a0Printemps du Climat \u00e0 Grenoble \ud83c\udf3f\u00a0\u00bb &#8212; Preventraide - Conseils Pr\u00e9vention\" data-secret=\"gBuhAJ3QcH\" frameborder=\"0\" marginwidth=\"0\" marginheight=\"0\" scrolling=\"no\" class=\"wp-embedded-content\"><\/iframe><script type=\"text\/javascript\">\n\/* <![CDATA[ *\/\n\/*! This file is auto-generated *\/\n!function(d,l){\"use strict\";l.querySelector&&d.addEventListener&&\"undefined\"!=typeof URL&&(d.wp=d.wp||{},d.wp.receiveEmbedMessage||(d.wp.receiveEmbedMessage=function(e){var t=e.data;if((t||t.secret||t.message||t.value)&&!\/[^a-zA-Z0-9]\/.test(t.secret)){for(var s,r,n,a=l.querySelectorAll('iframe[data-secret=\"'+t.secret+'\"]'),o=l.querySelectorAll('blockquote[data-secret=\"'+t.secret+'\"]'),c=new RegExp(\"^https?:$\",\"i\"),i=0;i<o.length;i++)o[i].style.display=\"none\";for(i=0;i<a.length;i++)s=a[i],e.source===s.contentWindow&&(s.removeAttribute(\"style\"),\"height\"===t.message?(1e3<(r=parseInt(t.value,10))?r=1e3:~~r<200&&(r=200),s.height=r):\"link\"===t.message&&(r=new URL(s.getAttribute(\"src\")),n=new URL(t.value),c.test(n.protocol))&&n.host===r.host&&l.activeElement===s&&(d.top.location.href=t.value))}},d.addEventListener(\"message\",d.wp.receiveEmbedMessage,!1),l.addEventListener(\"DOMContentLoaded\",function(){for(var e,t,s=l.querySelectorAll(\"iframe.wp-embedded-content\"),r=0;r<s.length;r++)(t=(e=s[r]).getAttribute(\"data-secret\"))||(t=Math.random().toString(36).substring(2,12),e.src+=\"#?secret=\"+t,e.setAttribute(\"data-secret\",t)),e.contentWindow.postMessage({message:\"ready\",secret:t},\"*\")},!1)))}(window,document);\n\/* ]]> *\/\n<\/script>\n","thumbnail_url":"https:\/\/www.preventraide.fr\/contenus\/app\/uploads\/2024\/06\/logo-PRINTEMPS-du-CLIMAT-prevention-MAIF_Plan-de-travail-1-scaled.jpg","thumbnail_width":2560,"thumbnail_height":1811,"description":"Face \u00e0 l\u2019urgence climatique qui menace notre plan\u00e8te, il est crucial d\u2019agir collectivement pour la pr\u00e9server. C\u2019est dans cet esprit que nous avons cr\u00e9\u00e9 le Printemps du Climat, un \u00e9v\u00e9nement d\u00e9di\u00e9 \u00e0 encourager chacun \u00e0 s\u2019engager en faveur de l\u2019environnement. Cette journ\u00e9e promet d\u2019\u00eatre une exp\u00e9rience enrichissante pour tous ceux qui souhaitent apprendre, d\u00e9couvrir de [&hellip;]"}