{"id":2135,"date":"2025-05-19T10:08:37","date_gmt":"2025-05-19T08:08:37","guid":{"rendered":"https:\/\/www.preventraide.fr\/contenus\/?post_type=quadriptyque&#038;p=2135"},"modified":"2025-08-11T11:31:45","modified_gmt":"2025-08-11T09:31:45","slug":"limiter-son-impact-sur-le-climat","status":"publish","type":"quadriptyque","link":"https:\/\/www.preventraide.fr\/contenus\/quadriptyque\/limiter-son-impact-sur-le-climat\/","title":{"rendered":"Limiter les gaz \u00e0 effet de serre : Des gestes citoyens pour un avenir durable"},"content":{"rendered":"\n<div class=\"wp-block-group is-style-is-stacked-on-mobile is-nowrap is-layout-flex wp-container-core-group-is-layout-6c531013 wp-block-group-is-layout-flex\">\n<p class=\"ghostkit-paragraph-columns-1 has-medium-large-font-size wp-container-content-68ac353a\" style=\"line-height:1.5\">Les gaz \u00e0 effet de serre (GES) sont responsables du r\u00e9chauffement climatique en pi\u00e9geant la chaleur dans l&rsquo;atmosph\u00e8re. Leurs principales sources sont la combustion des \u00e9nergies fossiles, les transports, l&rsquo;agriculture, ainsi que la d\u00e9forestation. En tant que citoyen, vous avez un r\u00f4le essentiel \u00e0 jouer pour r\u00e9duire les \u00e9missions de ces gaz. Chaque action individuelle, m\u00eame modeste, contribue \u00e0 un changement global. Voici des conseils pratiques pour limiter les gaz \u00e0 effet de serre et participer \u00e0 la transition \u00e9nerg\u00e9tique.<\/p>\n\n\n<figure class=\"wp-block-post-featured-image\"><img loading=\"lazy\" decoding=\"async\" width=\"760\" height=\"368\" src=\"https:\/\/www.preventraide.fr\/contenus\/app\/uploads\/2025\/05\/limiter@2x.png\" class=\"attachment-post-thumbnail size-post-thumbnail wp-post-image\" alt=\"\" style=\"object-fit:cover;\" srcset=\"https:\/\/www.preventraide.fr\/contenus\/app\/uploads\/2025\/05\/limiter@2x.png 760w, https:\/\/www.preventraide.fr\/contenus\/app\/uploads\/2025\/05\/limiter@2x-300x145.png 300w\" sizes=\"auto, (max-width: 760px) 100vw, 760px\" \/><\/figure><\/div>\n\n\n\n<div class=\"wp-block-group has-global-padding is-layout-constrained wp-block-group-is-layout-constrained\" style=\"margin-top:var(--wp--preset--spacing--60);margin-bottom:var(--wp--preset--spacing--60)\">\n<hr class=\"wp-block-separator has-alpha-channel-opacity is-style-wide\"\/>\n<\/div>\n\n\n\n<div class=\"wp-block-group has-global-padding is-layout-constrained wp-block-group-is-layout-constrained\">\n<h2 class=\"wp-block-heading is-style-numbered has-black-color has-text-color has-link-color wp-elements-0673c67d115566bf9f3617683fefaa40\" id=\"comprendre-la-geographiquede-son-territoire\" style=\"font-style:normal;font-weight:300\">R\u00e9duire sa consommation d&rsquo;\u00e9nergie \u00e0 la maison<\/h2>\n\n\n\n<p>L&rsquo;\u00e9nergie utilis\u00e9e dans nos logements est l&rsquo;un des principaux contributeurs aux \u00e9missions de gaz \u00e0 effet de serre. Voici des actions concr\u00e8tes pour r\u00e9duire votre empreinte carbone au quotidien :<\/p>\n\n\n\n<h3 class=\"wp-block-heading\" id=\"optimiser-la-consommation-d-electricite\">Optimiser la consommation d\u2019\u00e9lectricit\u00e9&nbsp;:<\/h3>\n\n\n\n<ul class=\"wp-block-list\">\n<li><strong>Utilisez des appareils \u00e0 faible consommation \u00e9nerg\u00e9tique<\/strong>\u00a0: Remplacez vos ampoules classiques par des ampoules LED \u00e0 faible consommation. Choisissez des appareils \u00e9lectrom\u00e9nagers \u00e9conomes en \u00e9nergie (classe \u00e9nerg\u00e9tique A+++).<\/li>\n\n\n\n<li><strong>\u00c9teignez les appareils inutilis\u00e9s<\/strong>\u00a0: Pensez \u00e0 \u00e9teindre les appareils \u00e9lectroniques lorsqu&rsquo;ils ne sont pas utilis\u00e9s, et d\u00e9branchez les chargeurs. Les veilleuses consomment de l\u2019\u00e9nergie m\u00eame quand l\u2019appareil est \u00e9teint.<\/li>\n\n\n\n<li><strong>R\u00e9duisez la climatisation et le chauffage<\/strong>\u00a0: En hiver, baissez votre thermostat de 1 ou 2\u00b0C pour r\u00e9duire la consommation de chauffage. En \u00e9t\u00e9, essayez d\u2019utiliser des ventilateurs et de favoriser les solutions naturelles pour rafra\u00eechir votre maison (rideaux \u00e9pais, a\u00e9ration nocturne).<\/li>\n\n\n\n<li><strong>Am\u00e9liorez l&rsquo;isolation de votre maison<\/strong>\u00a0: Une bonne isolation thermique (fen\u00eatres double vitrage, isolation des combles et des murs) permet de r\u00e9duire les besoins en chauffage et en climatisation, limitant ainsi votre consommation d&rsquo;\u00e9nergie.<\/li>\n<\/ul>\n\n\n\n<h3 class=\"wp-block-heading\" id=\"choisir-des-sources-d-energie-renouvelable\">Choisir des sources d&rsquo;\u00e9nergie renouvelable&nbsp;:<\/h3>\n\n\n\n<ul class=\"wp-block-list\">\n<li><strong>Optez pour l\u2019\u00e9lectricit\u00e9 verte<\/strong>\u00a0: Si possible, choisissez un fournisseur d&rsquo;\u00e9lectricit\u00e9 utilisant des \u00e9nergies renouvelables (solaire, \u00e9olien, hydraulique) plut\u00f4t que des \u00e9nergies fossiles (charbon, gaz).<\/li>\n<\/ul>\n\n\n\n<p><strong>Installez des panneaux solaires<\/strong>&nbsp;: Si vous en avez la possibilit\u00e9, l&rsquo;installation de panneaux photovolta\u00efques peut vous permettre de produire une partie de votre \u00e9lectricit\u00e9 \u00e0 partir d&rsquo;une source d&rsquo;\u00e9nergie propre.<\/p>\n\n\n\n<h2 class=\"wp-block-heading is-style-numbered\" id=\"les-risques-majeurset-leurs-specificites-locales\" style=\"font-style:normal;font-weight:100\">Adopter des habitudes de transport plus \u00e9cologiques<br><mark style=\"background-color:rgba(0, 0, 0, 0)\" class=\"has-inline-color has-dark-1-color\"><\/mark><\/h2>\n\n\n\n<p>Le secteur des transports est l&rsquo;un des plus grands \u00e9metteurs de gaz \u00e0 effet de serre, principalement \u00e0 cause des v\u00e9hicules fonctionnant aux carburants fossiles. Voici des fa\u00e7ons de r\u00e9duire vos \u00e9missions en modifiant vos habitudes de transport :<\/p>\n\n\n\n<h3 class=\"wp-block-heading\" id=\"privilegier-les-modes-de-transport-ecologiques\">Privil\u00e9gier les modes de transport \u00e9cologiques&nbsp;:<\/h3>\n\n\n\n<ul class=\"wp-block-list\">\n<li><strong>Marchez ou faites du v\u00e9lo<\/strong>\u00a0: Pour les trajets courts, la marche et le v\u00e9lo sont les modes de transport les plus \u00e9cologiques. Ils ne produisent aucune \u00e9mission de gaz \u00e0 effet de serre et sont b\u00e9n\u00e9fiques pour votre sant\u00e9.<\/li>\n\n\n\n<li><strong>Optez pour les transports en commun<\/strong>\u00a0: Utiliser le bus, le tramway ou le m\u00e9tro r\u00e9duit les \u00e9missions par personne. Cela permet aussi de diminuer la congestion du trafic et la pollution dans les villes.<\/li>\n\n\n\n<li><strong>Covoiturage et partage de trajets<\/strong>\u00a0: Lorsque vous devez prendre la voiture, privil\u00e9giez le covoiturage ou l\u2019autopartage pour r\u00e9duire le nombre de v\u00e9hicules sur la route et, donc, les \u00e9missions de CO2.<\/li>\n<\/ul>\n\n\n\n<h3 class=\"wp-block-heading\" id=\"passer-a-un-vehicule-moins-polluant\">Passer \u00e0 un v\u00e9hicule moins polluant&nbsp;:<\/h3>\n\n\n\n<ul class=\"wp-block-list\">\n<li><strong>Choisissez un v\u00e9hicule \u00e9lectrique ou hybride<\/strong>\u00a0: Si vous devez conduire un v\u00e9hicule, optez pour un mod\u00e8le \u00e9lectrique ou hybride, qui \u00e9met beaucoup moins de CO2 que les v\u00e9hicules thermiques classiques.<\/li>\n<\/ul>\n\n\n\n<p><strong>Conduisez de mani\u00e8re \u00e9co-responsable<\/strong>&nbsp;: Adoptez une conduite fluide et \u00e9conomique (\u00e9vitez les acc\u00e9l\u00e9rations brusques, respectez les limitations de vitesse) pour r\u00e9duire votre consommation de carburant et vos \u00e9missions.<\/p>\n<\/div>\n\n\n\n<h2 class=\"wp-block-heading is-style-numbered\" id=\"les-risques-majeurset-leurs-specificites-locales\" style=\"font-style:normal;font-weight:100\">Adopter une alimentation plus durable<br><mark style=\"background-color:rgba(0, 0, 0, 0)\" class=\"has-inline-color has-dark-1-color\"><\/mark><\/h2>\n\n\n\n<p>L\u2019agriculture est une autre source importante de gaz \u00e0 effet de serre, notamment \u00e0 cause de l\u2019\u00e9levage intensif, de l\u2019utilisation d\u2019engrais chimiques et de la d\u00e9forestation pour faire place aux cultures. Voici des gestes \u00e0 adopter pour r\u00e9duire votre impact environnemental au niveau alimentaire :<\/p>\n\n\n\n<h3 class=\"wp-block-heading\" id=\"reduire-la-consommation-de-produits-d-origine-animale\">R\u00e9duire la consommation de produits d&rsquo;origine animale&nbsp;:<\/h3>\n\n\n\n<ul class=\"wp-block-list\">\n<li><strong>Mangez moins de viande<\/strong>\u00a0: L\u2019\u00e9levage, notamment de ruminants (vaches, moutons), g\u00e9n\u00e8re d\u2019importantes quantit\u00e9s de m\u00e9thane, un gaz \u00e0 effet de serre puissant. R\u00e9duisez votre consommation de viande et privil\u00e9giez des alternatives v\u00e9g\u00e9tales comme les l\u00e9gumineuses, les noix et les prot\u00e9ines v\u00e9g\u00e9tales.<\/li>\n\n\n\n<li><strong>Favorisez les produits locaux et de saison<\/strong>\u00a0: En achetant des aliments cultiv\u00e9s localement et de saison, vous r\u00e9duisez les \u00e9missions li\u00e9es au transport de produits alimentaires sur de longues distances. Pr\u00e9f\u00e9rez les circuits courts et les march\u00e9s locaux.<\/li>\n<\/ul>\n\n\n\n<h3 class=\"wp-block-heading\" id=\"reduire-le-gaspillage-alimentaire\">R\u00e9duire le gaspillage alimentaire&nbsp;:<\/h3>\n\n\n\n<ul class=\"wp-block-list\">\n<li><strong>Planifiez vos repas<\/strong>\u00a0: Achetez uniquement ce dont vous avez besoin pour \u00e9viter de gaspiller des aliments. Les produits non consomm\u00e9s finissent souvent \u00e0 la poubelle, ce qui g\u00e9n\u00e8re des \u00e9missions inutiles.<\/li>\n<\/ul>\n\n\n\n<p><strong>Compostez les d\u00e9chets organiques<\/strong>&nbsp;: Le compostage permet de recycler les d\u00e9chets alimentaires et de les transformer en engrais naturel, \u00e9vitant ainsi les \u00e9missions de m\u00e9thane li\u00e9es \u00e0 l\u2019enfouissement des d\u00e9chets dans les d\u00e9charges.<\/p>\n\n\n\n<h2 class=\"wp-block-heading is-style-numbered\" id=\"les-risques-majeurset-leurs-specificites-locales\" style=\"font-style:normal;font-weight:100\">R\u00e9duire les d\u00e9chets r\u00e9utiliser et recycler<br><mark style=\"background-color:rgba(0, 0, 0, 0)\" class=\"has-inline-color has-dark-1-color\"><\/mark><\/h2>\n\n\n\n<p>La gestion des d\u00e9chets est \u00e9galement une source de gaz \u00e0 effet de serre, notamment \u00e0 cause de la d\u00e9composition des d\u00e9chets organiques dans les d\u00e9charges. Voici quelques actions pour limiter vos d\u00e9chets et recycler davantage :<\/p>\n\n\n\n<ul class=\"wp-block-list\">\n<li><strong>R\u00e9duisez la consommation de plastiques \u00e0 usage unique<\/strong>\u00a0: Optez pour des alternatives r\u00e9utilisables (bouteilles, sacs, contenants) afin de r\u00e9duire la quantit\u00e9 de plastique que vous jetez.<\/li>\n\n\n\n<li><strong>Triez vos d\u00e9chets<\/strong>\u00a0: S\u00e9parez les mat\u00e9riaux recyclables (plastique, verre, m\u00e9tal, papier) et assurez-vous qu\u2019ils soient correctement recycl\u00e9s. Cela permet de r\u00e9duire les \u00e9missions li\u00e9es \u00e0 la production de nouveaux mat\u00e9riaux.<\/li>\n\n\n\n<li><strong>Compostez vos d\u00e9chets organiques<\/strong>\u00a0: Le compostage des d\u00e9chets alimentaires et des d\u00e9chets verts permet de r\u00e9duire la quantit\u00e9 de d\u00e9chets envoy\u00e9s en d\u00e9charge et de limiter les \u00e9missions de m\u00e9thane.<\/li>\n<\/ul>\n\n\n\n<h2 class=\"wp-block-heading is-style-numbered\" id=\"les-risques-majeurset-leurs-specificites-locales\" style=\"font-style:normal;font-weight:100\">Soutenir des initiatives \u00e9cologiques et politiques publiques<br><mark style=\"background-color:rgba(0, 0, 0, 0)\" class=\"has-inline-color has-dark-1-color\"><\/mark><\/h2>\n\n\n\n<p>En plus de vos actions personnelles, vous pouvez aussi avoir un impact en soutenant des initiatives \u00e9cologiques et des politiques publiques favorables \u00e0 la lutte contre le changement climatique :<\/p>\n\n\n\n<h3 class=\"wp-block-heading\" id=\"soutenir-des-organisations-ecologiques\">Soutenir des organisations \u00e9cologiques&nbsp;:<\/h3>\n\n\n\n<ul class=\"wp-block-list\">\n<li><strong>Rejoignez des associations<\/strong>\u00a0qui \u0153uvrent pour la protection de l\u2019environnement et la lutte contre le r\u00e9chauffement climatique. Vous pouvez participer \u00e0 des \u00e9v\u00e9nements, des campagnes de sensibilisation, ou des actions de nettoyage.<\/li>\n<\/ul>\n\n\n\n<h3 class=\"wp-block-heading\" id=\"encourager-les-politiques-climatiques\">Encourager les politiques climatiques&nbsp;:<\/h3>\n\n\n\n<ul class=\"wp-block-list\">\n<li><strong>Voter pour des politiques \u00e9cologiques<\/strong>\u00a0: Soutenez les candidats et les politiques qui prennent des mesures concr\u00e8tes pour r\u00e9duire les \u00e9missions de gaz \u00e0 effet de serre et promouvoir une transition \u00e9nerg\u00e9tique durable.<\/li>\n\n\n\n<li><strong>Faire pression sur les entreprises<\/strong>\u00a0: Encouragez les entreprises locales et internationales \u00e0 adopter des pratiques plus durables et \u00e0 r\u00e9duire leur empreinte carbone.<\/li>\n<\/ul>\n","protected":false},"featured_media":2456,"menu_order":3,"template":"","meta":{"_acf_changed":false,"inline_featured_image":false,"ghostkit_customizer_options":"","ghostkit_custom_css":"","ghostkit_custom_js_head":"","ghostkit_custom_js_foot":"","ghostkit_typography":""},"class_list":["post-2135","quadriptyque","type-quadriptyque","status-publish","has-post-thumbnail","hentry"],"acf":[],"yoast_head":"<!-- This site is optimized with the Yoast SEO plugin v24.9 - https:\/\/yoast.com\/wordpress\/plugins\/seo\/ -->\n<title>Limiter les gaz \u00e0 effet de serre : Des gestes citoyens pour un avenir durable - Preventraide - Conseils Pr\u00e9vention<\/title>\n<meta name=\"robots\" content=\"index, follow, max-snippet:-1, max-image-preview:large, max-video-preview:-1\" \/>\n<link rel=\"canonical\" href=\"https:\/\/www.preventraide.fr\/contenus\/quadriptyque\/limiter-son-impact-sur-le-climat\/\" \/>\n<meta property=\"og:locale\" content=\"fr_FR\" \/>\n<meta property=\"og:type\" content=\"article\" \/>\n<meta property=\"og:title\" content=\"Limiter les gaz \u00e0 effet de serre : Des gestes citoyens pour un avenir durable - Preventraide - Conseils Pr\u00e9vention\" \/>\n<meta property=\"og:description\" content=\"Les gaz \u00e0 effet de serre (GES) sont responsables du r\u00e9chauffement climatique en pi\u00e9geant la chaleur dans l&rsquo;atmosph\u00e8re. Leurs principales sources sont la combustion des \u00e9nergies fossiles, les transports, l&rsquo;agriculture, ainsi que la d\u00e9forestation. En tant que citoyen, vous avez un r\u00f4le essentiel \u00e0 jouer pour r\u00e9duire les \u00e9missions de ces gaz. Chaque action individuelle, [&hellip;]\" \/>\n<meta property=\"og:url\" content=\"https:\/\/www.preventraide.fr\/contenus\/quadriptyque\/limiter-son-impact-sur-le-climat\/\" \/>\n<meta property=\"og:site_name\" content=\"Preventraide - Conseils Pr\u00e9vention\" \/>\n<meta property=\"article:modified_time\" content=\"2025-08-11T09:31:45+00:00\" \/>\n<meta property=\"og:image\" content=\"https:\/\/www.preventraide.fr\/contenus\/app\/uploads\/2025\/05\/limiter@2x.png\" \/>\n\t<meta property=\"og:image:width\" content=\"760\" \/>\n\t<meta property=\"og:image:height\" content=\"368\" \/>\n\t<meta property=\"og:image:type\" content=\"image\/png\" \/>\n<meta name=\"twitter:card\" content=\"summary_large_image\" \/>\n<meta name=\"twitter:label1\" content=\"Est. reading time\" \/>\n\t<meta name=\"twitter:data1\" content=\"6 minutes\" \/>\n<script type=\"application\/ld+json\" class=\"yoast-schema-graph\">{\"@context\":\"https:\/\/schema.org\",\"@graph\":[{\"@type\":\"WebPage\",\"@id\":\"https:\/\/www.preventraide.fr\/contenus\/quadriptyque\/limiter-son-impact-sur-le-climat\/\",\"url\":\"https:\/\/www.preventraide.fr\/contenus\/quadriptyque\/limiter-son-impact-sur-le-climat\/\",\"name\":\"Limiter les gaz \u00e0 effet de serre : Des gestes citoyens pour un avenir durable - Preventraide - Conseils Pr\u00e9vention\",\"isPartOf\":{\"@id\":\"https:\/\/www.preventraide.fr\/contenus\/#website\"},\"primaryImageOfPage\":{\"@id\":\"https:\/\/www.preventraide.fr\/contenus\/quadriptyque\/limiter-son-impact-sur-le-climat\/#primaryimage\"},\"image\":{\"@id\":\"https:\/\/www.preventraide.fr\/contenus\/quadriptyque\/limiter-son-impact-sur-le-climat\/#primaryimage\"},\"thumbnailUrl\":\"https:\/\/www.preventraide.fr\/contenus\/app\/uploads\/2025\/05\/limiter@2x.png\",\"datePublished\":\"2025-05-19T08:08:37+00:00\",\"dateModified\":\"2025-08-11T09:31:45+00:00\",\"breadcrumb\":{\"@id\":\"https:\/\/www.preventraide.fr\/contenus\/quadriptyque\/limiter-son-impact-sur-le-climat\/#breadcrumb\"},\"inLanguage\":\"fr-FR\",\"potentialAction\":[{\"@type\":\"ReadAction\",\"target\":[\"https:\/\/www.preventraide.fr\/contenus\/quadriptyque\/limiter-son-impact-sur-le-climat\/\"]}]},{\"@type\":\"ImageObject\",\"inLanguage\":\"fr-FR\",\"@id\":\"https:\/\/www.preventraide.fr\/contenus\/quadriptyque\/limiter-son-impact-sur-le-climat\/#primaryimage\",\"url\":\"https:\/\/www.preventraide.fr\/contenus\/app\/uploads\/2025\/05\/limiter@2x.png\",\"contentUrl\":\"https:\/\/www.preventraide.fr\/contenus\/app\/uploads\/2025\/05\/limiter@2x.png\",\"width\":760,\"height\":368},{\"@type\":\"BreadcrumbList\",\"@id\":\"https:\/\/www.preventraide.fr\/contenus\/quadriptyque\/limiter-son-impact-sur-le-climat\/#breadcrumb\",\"itemListElement\":[{\"@type\":\"ListItem\",\"position\":1,\"name\":\"Accueil\",\"item\":\"https:\/\/www.preventraide.fr\"},{\"@type\":\"ListItem\",\"position\":2,\"name\":\"Limiter les gaz \u00e0 effet de serre : Des gestes citoyens pour un avenir durable\"}]},{\"@type\":\"WebSite\",\"@id\":\"https:\/\/www.preventraide.fr\/contenus\/#website\",\"url\":\"https:\/\/www.preventraide.fr\/contenus\/\",\"name\":\"Preventraide\",\"description\":\"\",\"potentialAction\":[{\"@type\":\"SearchAction\",\"target\":{\"@type\":\"EntryPoint\",\"urlTemplate\":\"https:\/\/www.preventraide.fr\/contenus\/?s={search_term_string}\"},\"query-input\":{\"@type\":\"PropertyValueSpecification\",\"valueRequired\":true,\"valueName\":\"search_term_string\"}}],\"inLanguage\":\"fr-FR\"}]}<\/script>\n<!-- \/ Yoast SEO plugin. -->","yoast_head_json":{"title":"Limiter les gaz \u00e0 effet de serre : Des gestes citoyens pour un avenir durable - Preventraide - Conseils Pr\u00e9vention","robots":{"index":"index","follow":"follow","max-snippet":"max-snippet:-1","max-image-preview":"max-image-preview:large","max-video-preview":"max-video-preview:-1"},"canonical":"https:\/\/www.preventraide.fr\/contenus\/quadriptyque\/limiter-son-impact-sur-le-climat\/","og_locale":"fr_FR","og_type":"article","og_title":"Limiter les gaz \u00e0 effet de serre : Des gestes citoyens pour un avenir durable - Preventraide - Conseils Pr\u00e9vention","og_description":"Les gaz \u00e0 effet de serre (GES) sont responsables du r\u00e9chauffement climatique en pi\u00e9geant la chaleur dans l&rsquo;atmosph\u00e8re. Leurs principales sources sont la combustion des \u00e9nergies fossiles, les transports, l&rsquo;agriculture, ainsi que la d\u00e9forestation. En tant que citoyen, vous avez un r\u00f4le essentiel \u00e0 jouer pour r\u00e9duire les \u00e9missions de ces gaz. Chaque action individuelle, [&hellip;]","og_url":"https:\/\/www.preventraide.fr\/contenus\/quadriptyque\/limiter-son-impact-sur-le-climat\/","og_site_name":"Preventraide - Conseils Pr\u00e9vention","article_modified_time":"2025-08-11T09:31:45+00:00","og_image":[{"width":760,"height":368,"url":"https:\/\/www.preventraide.fr\/contenus\/app\/uploads\/2025\/05\/limiter@2x.png","type":"image\/png"}],"twitter_card":"summary_large_image","twitter_misc":{"Est. reading time":"6 minutes"},"schema":{"@context":"https:\/\/schema.org","@graph":[{"@type":"WebPage","@id":"https:\/\/www.preventraide.fr\/contenus\/quadriptyque\/limiter-son-impact-sur-le-climat\/","url":"https:\/\/www.preventraide.fr\/contenus\/quadriptyque\/limiter-son-impact-sur-le-climat\/","name":"Limiter les gaz \u00e0 effet de serre : Des gestes citoyens pour un avenir durable - Preventraide - Conseils Pr\u00e9vention","isPartOf":{"@id":"https:\/\/www.preventraide.fr\/contenus\/#website"},"primaryImageOfPage":{"@id":"https:\/\/www.preventraide.fr\/contenus\/quadriptyque\/limiter-son-impact-sur-le-climat\/#primaryimage"},"image":{"@id":"https:\/\/www.preventraide.fr\/contenus\/quadriptyque\/limiter-son-impact-sur-le-climat\/#primaryimage"},"thumbnailUrl":"https:\/\/www.preventraide.fr\/contenus\/app\/uploads\/2025\/05\/limiter@2x.png","datePublished":"2025-05-19T08:08:37+00:00","dateModified":"2025-08-11T09:31:45+00:00","breadcrumb":{"@id":"https:\/\/www.preventraide.fr\/contenus\/quadriptyque\/limiter-son-impact-sur-le-climat\/#breadcrumb"},"inLanguage":"fr-FR","potentialAction":[{"@type":"ReadAction","target":["https:\/\/www.preventraide.fr\/contenus\/quadriptyque\/limiter-son-impact-sur-le-climat\/"]}]},{"@type":"ImageObject","inLanguage":"fr-FR","@id":"https:\/\/www.preventraide.fr\/contenus\/quadriptyque\/limiter-son-impact-sur-le-climat\/#primaryimage","url":"https:\/\/www.preventraide.fr\/contenus\/app\/uploads\/2025\/05\/limiter@2x.png","contentUrl":"https:\/\/www.preventraide.fr\/contenus\/app\/uploads\/2025\/05\/limiter@2x.png","width":760,"height":368},{"@type":"BreadcrumbList","@id":"https:\/\/www.preventraide.fr\/contenus\/quadriptyque\/limiter-son-impact-sur-le-climat\/#breadcrumb","itemListElement":[{"@type":"ListItem","position":1,"name":"Accueil","item":"https:\/\/www.preventraide.fr"},{"@type":"ListItem","position":2,"name":"Limiter les gaz \u00e0 effet de serre : Des gestes citoyens pour un avenir durable"}]},{"@type":"WebSite","@id":"https:\/\/www.preventraide.fr\/contenus\/#website","url":"https:\/\/www.preventraide.fr\/contenus\/","name":"Preventraide","description":"","potentialAction":[{"@type":"SearchAction","target":{"@type":"EntryPoint","urlTemplate":"https:\/\/www.preventraide.fr\/contenus\/?s={search_term_string}"},"query-input":{"@type":"PropertyValueSpecification","valueRequired":true,"valueName":"search_term_string"}}],"inLanguage":"fr-FR"}]}},"_links":{"self":[{"href":"https:\/\/www.preventraide.fr\/contenus\/wp-json\/wp\/v2\/quadriptyque\/2135","targetHints":{"allow":["GET"]}}],"collection":[{"href":"https:\/\/www.preventraide.fr\/contenus\/wp-json\/wp\/v2\/quadriptyque"}],"about":[{"href":"https:\/\/www.preventraide.fr\/contenus\/wp-json\/wp\/v2\/types\/quadriptyque"}],"wp:featuredmedia":[{"embeddable":true,"href":"https:\/\/www.preventraide.fr\/contenus\/wp-json\/wp\/v2\/media\/2456"}],"wp:attachment":[{"href":"https:\/\/www.preventraide.fr\/contenus\/wp-json\/wp\/v2\/media?parent=2135"}],"curies":[{"name":"wp","href":"https:\/\/api.w.org\/{rel}","templated":true}]}}